{"id":1269,"date":"2022-11-10T14:46:09","date_gmt":"2022-11-10T14:46:09","guid":{"rendered":"https:\/\/neuegartenstadtoejendorf.de\/?page_id=1269"},"modified":"2022-11-16T14:35:07","modified_gmt":"2022-11-16T14:35:07","slug":"quartier","status":"publish","type":"page","link":"https:\/\/neuegartenstadtoejendorf.de\/?page_id=1269","title":{"rendered":"Quartier"},"content":{"rendered":"\n<div class=\"wp-block-cover is-light\" style=\"min-height:811px;aspect-ratio:unset;\"><span aria-hidden=\"true\" class=\"wp-block-cover__background has-background-dim-30 has-background-dim\" style=\"background-color:#c2dbb3\"><\/span><div class=\"wp-block-cover__inner-container is-layout-flow wp-block-cover-is-layout-flow\">\n<div class=\"wp-block-columns is-layout-flex wp-container-core-columns-is-layout-9d6595d7 wp-block-columns-is-layout-flex\">\n<div class=\"wp-block-column is-layout-flow wp-block-column-is-layout-flow\">\n<div class=\"wp-block-columns are-vertically-aligned-top is-layout-flex wp-container-core-columns-is-layout-9d6595d7 wp-block-columns-is-layout-flex\">\n<div class=\"wp-block-column is-vertically-aligned-top is-layout-flow wp-block-column-is-layout-flow\"><\/div>\n\n\n\n<div class=\"wp-block-column is-layout-flow wp-block-column-is-layout-flow\"><\/div>\n\n\n\n<div class=\"wp-block-column is-layout-flow wp-block-column-is-layout-flow\"><\/div>\n\n\n\n<div class=\"wp-block-column is-layout-flow wp-block-column-is-layout-flow\"><\/div>\n\n\n\n<div class=\"wp-block-column is-layout-flow wp-block-column-is-layout-flow\"><\/div>\n\n\n\n<div class=\"wp-block-column is-vertically-aligned-top is-layout-flow wp-block-column-is-layout-flow\" style=\"flex-basis:90%\">\n<h2 class=\"has-black-color has-text-color has-custom-font wp-block-heading\" id=\"information\" style=\"font-family:Helvetica\">QUARTIER<\/h2>\n\n\n\n<h2 class=\"has-text-color wp-block-heading\" id=\"information\" style=\"color:#5c806b\"> Landschaftsstadt<\/h2>\n<\/div>\n<\/div>\n<\/div>\n\n\n\n<div class=\"wp-block-column is-layout-flow wp-block-column-is-layout-flow\">\n<div class=\"wp-block-columns is-layout-flex wp-container-core-columns-is-layout-9d6595d7 wp-block-columns-is-layout-flex\">\n<div class=\"wp-block-column is-layout-flow wp-block-column-is-layout-flow\" style=\"flex-basis:100%\"><\/div>\n\n\n\n<div class=\"wp-block-column is-layout-flow wp-block-column-is-layout-flow\"><\/div>\n<\/div>\n<\/div>\n<\/div>\n\n\n\n<div class=\"wp-block-buttons is-content-justification-center is-layout-flex wp-container-core-buttons-is-layout-16018d1d wp-block-buttons-is-layout-flex\">\n<div class=\"wp-block-button has-custom-font-size is-style-circular\" style=\"font-size:17px\"><a class=\"wp-block-button__link has-text-color has-background\" href=\"https:\/\/neuegartenstadtoejendorf.de\/?page_id=1264\" style=\"background-color:#3195d0;color:#1c2645\">PLANUNG<\/a><\/div>\n\n\n\n<div class=\"wp-block-button has-custom-font-size is-style-circular\" style=\"font-size:17px\"><a class=\"wp-block-button__link has-background\" href=\"https:\/\/neuegartenstadtoejendorf.de\/?page_id=1267\" style=\"background-color:#87598c\">LEITIDEE<\/a><\/div>\n\n\n\n<div class=\"wp-block-button has-custom-font-size is-style-circular\" style=\"font-size:17px\"><a class=\"wp-block-button__link has-background\" href=\"https:\/\/neuegartenstadtoejendorf.de\/?page_id=1269\" style=\"background-color:#c2dbb3\">QUARTIER<\/a><\/div>\n\n\n\n<div class=\"wp-block-button has-custom-font-size is-style-circular\" style=\"font-size:17px\"><a class=\"wp-block-button__link has-background\" href=\"https:\/\/neuegartenstadtoejendorf.de\/?page_id=1271\" style=\"background-color:#edbf59\">WOHNEN <\/a><\/div>\n\n\n\n<div class=\"wp-block-button has-custom-font-size is-style-circular\" style=\"font-size:17px\"><a class=\"wp-block-button__link has-background\" href=\"https:\/\/neuegartenstadtoejendorf.de\/?page_id=1322\" style=\"background-color:#80bd9c\">FREIRAUM<\/a><\/div>\n\n\n\n<div class=\"wp-block-button has-custom-font-size is-style-circular\" style=\"font-size:17px\"><a class=\"wp-block-button__link has-background\" href=\"https:\/\/neuegartenstadtoejendorf.de\/?page_id=1273\" style=\"background-color:#f26e2b\">\u00d6JENHOF <\/a><\/div>\n\n\n\n<div class=\"wp-block-button has-custom-font-size is-style-circular\" style=\"font-size:17px\"><a class=\"wp-block-button__link has-background\" href=\"https:\/\/neuegartenstadtoejendorf.de\/?page_id=1309\" style=\"background-color:#b8dbf0\">MOBILIT\u00c4T<\/a><\/div>\n\n\n\n<div class=\"wp-block-button has-custom-font-size is-style-circular\" style=\"font-size:17px\"><a class=\"wp-block-button__link has-background\" href=\"https:\/\/neuegartenstadtoejendorf.de\/?page_id=1297\" style=\"background-color:#1c2645\">ZAHLEN &amp; FAKTEN<\/a><\/div>\n<\/div>\n\n\n\n<div style=\"height:55px\" aria-hidden=\"true\" class=\"wp-block-spacer\"><\/div>\n\n\n\n<div class=\"wp-block-columns is-layout-flex wp-container-core-columns-is-layout-9d6595d7 wp-block-columns-is-layout-flex\">\n<div class=\"wp-block-column is-layout-flow wp-block-column-is-layout-flow\">\n<div class=\"wp-block-columns are-vertically-aligned-top is-layout-flex wp-container-core-columns-is-layout-9d6595d7 wp-block-columns-is-layout-flex\">\n<div class=\"wp-block-column is-vertically-aligned-top is-layout-flow wp-block-column-is-layout-flow\"><\/div>\n\n\n\n<div class=\"wp-block-column is-vertically-aligned-top is-layout-flow wp-block-column-is-layout-flow\" style=\"flex-basis:70%\">\n<figure class=\"wp-block-image size-large is-resized\"><img loading=\"lazy\" decoding=\"async\" src=\"https:\/\/neuegartenstadtoejendorf.de\/wp-content\/uploads\/2022\/11\/Gaertnerin_Haeuser_Quartier-1024x503.png\" alt=\"Eine illustrierte Frau steht mit einer Schubkarre auf einem Platz, im Hintergrund sind zwei Geb\u00e4ude in der Landschaft dargestellt.\" class=\"wp-image-1719\" width=\"477\" height=\"233\" title=\"Eine illustrierte Frau steht mit einer Schubkarre auf einem Platz, im Hintergrund sind zwei Geb\u00e4ude in der Landschaft dargestellt.\" srcset=\"https:\/\/neuegartenstadtoejendorf.de\/wp-content\/uploads\/2022\/11\/Gaertnerin_Haeuser_Quartier-1024x503.png 1024w, https:\/\/neuegartenstadtoejendorf.de\/wp-content\/uploads\/2022\/11\/Gaertnerin_Haeuser_Quartier-300x147.png 300w, https:\/\/neuegartenstadtoejendorf.de\/wp-content\/uploads\/2022\/11\/Gaertnerin_Haeuser_Quartier-768x377.png 768w, https:\/\/neuegartenstadtoejendorf.de\/wp-content\/uploads\/2022\/11\/Gaertnerin_Haeuser_Quartier-1536x755.png 1536w, https:\/\/neuegartenstadtoejendorf.de\/wp-content\/uploads\/2022\/11\/Gaertnerin_Haeuser_Quartier-2048x1006.png 2048w\" sizes=\"auto, (max-width: 477px) 100vw, 477px\" \/><\/figure>\n<\/div>\n<\/div>\n<\/div>\n\n\n\n<div class=\"wp-block-column is-layout-flow wp-block-column-is-layout-flow\">\n<div class=\"wp-block-columns is-layout-flex wp-container-core-columns-is-layout-9d6595d7 wp-block-columns-is-layout-flex\">\n<div class=\"wp-block-column is-layout-flow wp-block-column-is-layout-flow\" style=\"flex-basis:100%\"><\/div>\n\n\n\n<div class=\"wp-block-column is-layout-flow wp-block-column-is-layout-flow\"><\/div>\n<\/div>\n<\/div>\n<\/div>\n<\/div><\/div>\n\n\n\n<div class=\"wp-block-cover alignfull is-light\" style=\"min-height:879px;aspect-ratio:unset;\"><span aria-hidden=\"true\" class=\"wp-block-cover__background has-background-dim-30 has-background-dim\" style=\"background-color:#c2dbb3\"><\/span><div class=\"wp-block-cover__inner-container is-layout-flow wp-block-cover-is-layout-flow\">\n<div class=\"wp-block-columns are-vertically-aligned-top is-layout-flex wp-container-core-columns-is-layout-9d6595d7 wp-block-columns-is-layout-flex\">\n<div class=\"wp-block-column is-vertically-aligned-top is-layout-flow wp-block-column-is-layout-flow\" style=\"flex-basis:50%\">\n<div class=\"wp-block-columns is-layout-flex wp-container-core-columns-is-layout-9d6595d7 wp-block-columns-is-layout-flex\">\n<div class=\"wp-block-column is-layout-flow wp-block-column-is-layout-flow\"><\/div>\n\n\n\n<div class=\"wp-block-column is-layout-flow wp-block-column-is-layout-flow\" style=\"flex-basis:70%\"><div class=\"wp-block-image\">\n<figure class=\"alignleft size-large mb-0 mt-0\"><a href=\"https:\/\/neuegartenstadtoejendorf.de\/?attachment_id=1328\"><img loading=\"lazy\" decoding=\"async\" width=\"1024\" height=\"724\" src=\"https:\/\/neuegartenstadtoejendorf.de\/wp-content\/uploads\/2022\/11\/221110_Web_Quartier_Rahmenplanentwurf-1024x724.png\" alt=\"Der Lageplan der Neuen Gartenstadt \u00d6jendorf. Ein vielf\u00e4ltiger und bunter Plan mit st\u00e4dtebaulichen und freiraumplanerischen Entw\u00fcrfen\" class=\"wp-image-1328\" title=\"Der Lageplan der Neuen Gartenstadt \u00d6jendorf. Ein vielf\u00e4ltiger und bunter Plan mit st\u00e4dtebaulichen und freiraumplanerischen Entw\u00fcrfen\" srcset=\"https:\/\/neuegartenstadtoejendorf.de\/wp-content\/uploads\/2022\/11\/221110_Web_Quartier_Rahmenplanentwurf-1024x724.png 1024w, https:\/\/neuegartenstadtoejendorf.de\/wp-content\/uploads\/2022\/11\/221110_Web_Quartier_Rahmenplanentwurf-300x212.png 300w, https:\/\/neuegartenstadtoejendorf.de\/wp-content\/uploads\/2022\/11\/221110_Web_Quartier_Rahmenplanentwurf-768x543.png 768w, https:\/\/neuegartenstadtoejendorf.de\/wp-content\/uploads\/2022\/11\/221110_Web_Quartier_Rahmenplanentwurf-1536x1086.png 1536w, https:\/\/neuegartenstadtoejendorf.de\/wp-content\/uploads\/2022\/11\/221110_Web_Quartier_Rahmenplanentwurf-2048x1448.png 2048w\" sizes=\"auto, (max-width: 1024px) 100vw, 1024px\" \/><\/a><figcaption>Bild \u00a9 BeL Soziet\u00e4t f\u00fcr Architektur , URBAN CATALYST GmbH, PolinnaHauck &#8211; landscape|urbanism, ARGUS Stadt und Verkehr, BWS GmbH<\/figcaption><\/figure><\/div>\n\n\n<p><\/p>\n<\/div>\n<\/div>\n<\/div>\n\n\n\n<div class=\"wp-block-column is-vertically-aligned-top is-layout-flow wp-block-column-is-layout-flow\" style=\"flex-basis:50%\">\n<div class=\"wp-block-columns is-layout-flex wp-container-core-columns-is-layout-9d6595d7 wp-block-columns-is-layout-flex\">\n<div class=\"wp-block-column is-layout-flow wp-block-column-is-layout-flow\" style=\"flex-basis:70%\">\n<p>Die Neue Gartenstadt \u00d6jendorf zeichnet sich durch eine Verkn\u00fcpfung von Stadt und Land aus und schafft eine Verbindung zwischen Natur, Erholung, Landwirtschaft, Arbeiten, Wohnen und Freizeit. Als behutsamer Umgang mit der bestehenden Natur wird die Bebauung als ein System aus Landschaftss\u00e4len geplant. Die besonderen Knickstrukturen bleiben bestehen und nehmen die Bebauung mit ihren vielf\u00e4ltigen Ma\u00dfst\u00e4ben und Materialien in sich auf. So entstehen insgesamt 12 Baufelder,&nbsp;welche jeweils einen Hof ausbilden. Jeder Hof besteht aus unterschiedlichen Wohnformen mit Gemeinschaftsfunktionen. In jeder Hofgemeinschaft leben 200 bis 500 Menschen zusammen.<\/p>\n<\/div>\n\n\n\n<div class=\"wp-block-column is-layout-flow wp-block-column-is-layout-flow\"><\/div>\n<\/div>\n<\/div>\n<\/div>\n\n\n\n<div class=\"wp-block-columns are-vertically-aligned-top is-layout-flex wp-container-core-columns-is-layout-9d6595d7 wp-block-columns-is-layout-flex\">\n<div class=\"wp-block-column is-vertically-aligned-top is-layout-flow wp-block-column-is-layout-flow\" style=\"flex-basis:50%\">\n<div class=\"wp-block-columns is-layout-flex wp-container-core-columns-is-layout-9d6595d7 wp-block-columns-is-layout-flex\">\n<div class=\"wp-block-column is-layout-flow wp-block-column-is-layout-flow\"><\/div>\n\n\n\n<div class=\"wp-block-column is-layout-flow wp-block-column-is-layout-flow\" style=\"flex-basis:70%\">\n<figure class=\"wp-block-image size-large\"><a href=\"https:\/\/neuegartenstadtoejendorf.de\/?attachment_id=1718\"><img loading=\"lazy\" decoding=\"async\" width=\"1024\" height=\"724\" src=\"https:\/\/neuegartenstadtoejendorf.de\/wp-content\/uploads\/2022\/11\/221110_Website_Oejendorf_LayoutA3_Puplikum-1024x724.png\" alt=\"Ein Plan der Neuen Gartenstadt \u00d6jendorf, in dem die publikumsorientierten Nutzungen hervorgehoben sind (z.B. \u00d6jenhof, Sport, - und Spielwiese und Supermarkt)\" class=\"wp-image-1718\" title=\"Ein Plan der Neuen Gartenstadt \u00d6jendorf, in dem die publikumsorientierten Nutzungen hervorgehoben sind (z.B. \u00d6jenhof, Sport, - und Spielwiese und Supermarkt)\" srcset=\"https:\/\/neuegartenstadtoejendorf.de\/wp-content\/uploads\/2022\/11\/221110_Website_Oejendorf_LayoutA3_Puplikum-1024x724.png 1024w, https:\/\/neuegartenstadtoejendorf.de\/wp-content\/uploads\/2022\/11\/221110_Website_Oejendorf_LayoutA3_Puplikum-300x212.png 300w, https:\/\/neuegartenstadtoejendorf.de\/wp-content\/uploads\/2022\/11\/221110_Website_Oejendorf_LayoutA3_Puplikum-768x543.png 768w, https:\/\/neuegartenstadtoejendorf.de\/wp-content\/uploads\/2022\/11\/221110_Website_Oejendorf_LayoutA3_Puplikum-1536x1086.png 1536w, https:\/\/neuegartenstadtoejendorf.de\/wp-content\/uploads\/2022\/11\/221110_Website_Oejendorf_LayoutA3_Puplikum-2048x1448.png 2048w\" sizes=\"auto, (max-width: 1024px) 100vw, 1024px\" \/><\/a><figcaption>Bild \u00a9 BeL Soziet\u00e4t f\u00fcr Architektur , URBAN CATALYST GmbH, PolinnaHauck &#8211; landscape|urbanism, ARGUS Stadt und Verkehr, BWS GmbH<\/figcaption><\/figure>\n<\/div>\n<\/div>\n<\/div>\n\n\n\n<div class=\"wp-block-column is-vertically-aligned-top is-layout-flow wp-block-column-is-layout-flow\" style=\"flex-basis:50%\">\n<div class=\"wp-block-columns is-layout-flex wp-container-core-columns-is-layout-9d6595d7 wp-block-columns-is-layout-flex\">\n<div class=\"wp-block-column is-layout-flow wp-block-column-is-layout-flow\" style=\"flex-basis:70%\">\n<p class=\"has-black-color has-text-color\">Das Konzept der Neuen Gartenstadt \u00d6jendorf greift die bestehenden landschaftlichen Strukturen auf. Die Landschaftsachse Horner Geest verbindet zuk\u00fcnftig den \u00d6jendorfer Park mit der Hamburger Innenstadt und verl\u00e4uft durch das Projektgebiet. Sie grenzt im Nordwesten an die Neue Gartenstadt \u00d6jendorf und verl\u00e4uft quer durch das Projektgebiet bis zum Reinskamp. So entsteht Raum f\u00fcr Landwirtschaft sowie Sport-, Spiel- und Liegewiesen.<\/p>\n<\/div>\n\n\n\n<div class=\"wp-block-column is-layout-flow wp-block-column-is-layout-flow\"><\/div>\n<\/div>\n<\/div>\n<\/div>\n\n\n\n<div class=\"wp-block-columns are-vertically-aligned-top is-layout-flex wp-container-core-columns-is-layout-9d6595d7 wp-block-columns-is-layout-flex\">\n<div class=\"wp-block-column is-vertically-aligned-top is-layout-flow wp-block-column-is-layout-flow\" style=\"flex-basis:50%\">\n<div class=\"wp-block-columns is-layout-flex wp-container-core-columns-is-layout-9d6595d7 wp-block-columns-is-layout-flex\">\n<div class=\"wp-block-column is-layout-flow wp-block-column-is-layout-flow\"><\/div>\n\n\n\n<div class=\"wp-block-column is-layout-flow wp-block-column-is-layout-flow\" style=\"flex-basis:70%\">\n<figure class=\"wp-block-image size-large\"><a href=\"https:\/\/neuegartenstadtoejendorf.de\/?attachment_id=1330\"><img loading=\"lazy\" decoding=\"async\" width=\"1024\" height=\"724\" src=\"https:\/\/neuegartenstadtoejendorf.de\/wp-content\/uploads\/2022\/11\/221110_Web_Quartier_Perspaktive-1024x724.png\" alt=\"Eine perspektivische Zeichnung des gro\u00dfen gr\u00fcnen Quartierplatzes der Neuen Gartenstadt \u00d6jendorf. Im Vordergrund sind junge und \u00e4ltere Personen - im Hintergrund Wohnh\u00e4user, ein Hofladen und B\u00e4ume auf einem Platz.\" class=\"wp-image-1330\" title=\"Eine perspektivische Zeichnung des gro\u00dfen gr\u00fcnen Quartierplatzes der Neuen Gartenstadt \u00d6jendorf. Im Vordergrund sind junge und \u00e4ltere Personen - im Hintergrund Wohnh\u00e4user, ein Hofladen und B\u00e4ume auf einem Platz.\" srcset=\"https:\/\/neuegartenstadtoejendorf.de\/wp-content\/uploads\/2022\/11\/221110_Web_Quartier_Perspaktive-1024x724.png 1024w, https:\/\/neuegartenstadtoejendorf.de\/wp-content\/uploads\/2022\/11\/221110_Web_Quartier_Perspaktive-300x212.png 300w, https:\/\/neuegartenstadtoejendorf.de\/wp-content\/uploads\/2022\/11\/221110_Web_Quartier_Perspaktive-768x543.png 768w, https:\/\/neuegartenstadtoejendorf.de\/wp-content\/uploads\/2022\/11\/221110_Web_Quartier_Perspaktive-1536x1086.png 1536w, https:\/\/neuegartenstadtoejendorf.de\/wp-content\/uploads\/2022\/11\/221110_Web_Quartier_Perspaktive-2048x1448.png 2048w\" sizes=\"auto, (max-width: 1024px) 100vw, 1024px\" \/><\/a><figcaption>Bild \u00a9 BeL Soziet\u00e4t f\u00fcr Architektur<\/figcaption><\/figure>\n<\/div>\n<\/div>\n<\/div>\n\n\n\n<div class=\"wp-block-column is-vertically-aligned-top is-layout-flow wp-block-column-is-layout-flow\" style=\"flex-basis:50%\">\n<div class=\"wp-block-columns is-layout-flex wp-container-core-columns-is-layout-9d6595d7 wp-block-columns-is-layout-flex\">\n<div class=\"wp-block-column is-layout-flow wp-block-column-is-layout-flow\" style=\"flex-basis:70%\">\n<p class=\"has-black-color has-text-color\">In der Neuen Gartenstadt \u00d6jendorf ist ein Quartiersplatz im Zentrum und ein kleinerer Platz im \u00f6stlichen Teil geplant. Der Platz am Mattkamp ist das Quartierszentrum und bietet viele Treffpunkte: Der \u00d6jenhof mit Hofladen, ein Supermarkt, eine Kita und eine Grundschule befinden sich hier. Somit entsteht ein lebendiger Begegnungsort f\u00fcr die Nachbarschaft, an dem alle Wege in und aus der Neuen Gartenstadt \u00d6jendorf verbunden sind. Ein weiterer Platz befindet sich im \u00f6stlichen Teil der Neuen Gartenstadt. Mit einem Mobility Hub (Quartiersgarage), einer Gewerbefl\u00e4che, einer Kita und einem offenen Platz wird er zum Ankommensort der Bewohner:innen der \u00f6stlichen Neuen Gartenstadt \u00d6jendorf.<\/p>\n<\/div>\n\n\n\n<div class=\"wp-block-column is-layout-flow wp-block-column-is-layout-flow\"><\/div>\n<\/div>\n<\/div>\n<\/div>\n\n\n\n<div class=\"wp-block-columns is-layout-flex wp-container-core-columns-is-layout-9d6595d7 wp-block-columns-is-layout-flex\">\n<div class=\"wp-block-column is-layout-flow wp-block-column-is-layout-flow\">\n<div class=\"wp-block-columns is-layout-flex wp-container-core-columns-is-layout-9d6595d7 wp-block-columns-is-layout-flex\">\n<div class=\"wp-block-column is-layout-flow wp-block-column-is-layout-flow\">\n<div class=\"wp-block-columns is-layout-flex wp-container-core-columns-is-layout-9d6595d7 wp-block-columns-is-layout-flex\">\n<div class=\"wp-block-column is-layout-flow wp-block-column-is-layout-flow\">\n<div class=\"wp-block-columns is-layout-flex wp-container-core-columns-is-layout-9d6595d7 wp-block-columns-is-layout-flex\">\n<div class=\"wp-block-column is-layout-flow wp-block-column-is-layout-flow\">\n<div class=\"wp-block-columns is-layout-flex wp-container-core-columns-is-layout-9d6595d7 wp-block-columns-is-layout-flex\">\n<div class=\"wp-block-column is-layout-flow wp-block-column-is-layout-flow\"><\/div>\n\n\n\n<div class=\"wp-block-column is-layout-flow wp-block-column-is-layout-flow\">\n<figure class=\"wp-block-image size-full\"><img loading=\"lazy\" decoding=\"async\" width=\"561\" height=\"551\" src=\"https:\/\/neuegartenstadtoejendorf.de\/wp-content\/uploads\/2022\/11\/Rotkehlchen-2-2.png\" alt=\"Rotkelchen \" class=\"wp-image-1187\" title=\"Rotkelchen \" srcset=\"https:\/\/neuegartenstadtoejendorf.de\/wp-content\/uploads\/2022\/11\/Rotkehlchen-2-2.png 561w, https:\/\/neuegartenstadtoejendorf.de\/wp-content\/uploads\/2022\/11\/Rotkehlchen-2-2-300x295.png 300w\" sizes=\"auto, (max-width: 561px) 100vw, 561px\" \/><figcaption> <\/figcaption><\/figure>\n<\/div>\n<\/div>\n<\/div>\n\n\n\n<div class=\"wp-block-column is-layout-flow wp-block-column-is-layout-flow\"><\/div>\n<\/div>\n<\/div>\n\n\n\n<div class=\"wp-block-column is-layout-flow wp-block-column-is-layout-flow\"><\/div>\n<\/div>\n<\/div>\n<\/div>\n<\/div>\n<\/div>\n<\/div><\/div>\n","protected":false},"excerpt":{"rendered":"","protected":false},"author":1,"featured_media":0,"parent":0,"menu_order":0,"comment_status":"closed","ping_status":"closed","template":"page-templates\/template-pagebuilder-full-width.php","meta":{"_coblocks_attr":"","_coblocks_dimensions":"","_coblocks_responsive_height":"","_coblocks_accordion_ie_support":"","neve_meta_sidebar":"","neve_meta_container":"full-width","neve_meta_enable_content_width":"","neve_meta_content_width":0,"neve_meta_title_alignment":"left","neve_meta_author_avatar":"","neve_post_elements_order":"","neve_meta_disable_header":"","neve_meta_disable_footer":"","neve_meta_disable_title":"","neve_meta_reading_time":"","footnotes":""},"class_list":["post-1269","page","type-page","status-publish","hentry"],"_links":{"self":[{"href":"https:\/\/neuegartenstadtoejendorf.de\/index.php?rest_route=\/wp\/v2\/pages\/1269","targetHints":{"allow":["GET"]}}],"collection":[{"href":"https:\/\/neuegartenstadtoejendorf.de\/index.php?rest_route=\/wp\/v2\/pages"}],"about":[{"href":"https:\/\/neuegartenstadtoejendorf.de\/index.php?rest_route=\/wp\/v2\/types\/page"}],"author":[{"embeddable":true,"href":"https:\/\/neuegartenstadtoejendorf.de\/index.php?rest_route=\/wp\/v2\/users\/1"}],"replies":[{"embeddable":true,"href":"https:\/\/neuegartenstadtoejendorf.de\/index.php?rest_route=%2Fwp%2Fv2%2Fcomments&post=1269"}],"version-history":[{"count":38,"href":"https:\/\/neuegartenstadtoejendorf.de\/index.php?rest_route=\/wp\/v2\/pages\/1269\/revisions"}],"predecessor-version":[{"id":1850,"href":"https:\/\/neuegartenstadtoejendorf.de\/index.php?rest_route=\/wp\/v2\/pages\/1269\/revisions\/1850"}],"wp:attachment":[{"href":"https:\/\/neuegartenstadtoejendorf.de\/index.php?rest_route=%2Fwp%2Fv2%2Fmedia&parent=1269"}],"curies":[{"name":"wp","href":"https:\/\/api.w.org\/{rel}","templated":true}]}}